{"id":90,"date":"2022-12-16T15:35:30","date_gmt":"2022-12-16T14:35:30","guid":{"rendered":"https:\/\/du-bois-aux-elfes.onie.be\/chats\/?page_id=90"},"modified":"2022-12-16T15:35:38","modified_gmt":"2022-12-16T14:35:38","slug":"vie-privee","status":"publish","type":"page","link":"https:\/\/duboisauxelfes.be\/formation\/vie-privee\/","title":{"rendered":"Vie priv\u00e9e"},"content":{"rendered":"<section style=\"\" class='relative z-20'>\n    <div style=\"\" class=\" wrap _with-paddings\">\n        <div class=\"text-content\" oat=\"fade-top\"><p class=\"heading-2 font-secondary\" style=\"text-align: center;\">Vie priv\u00e9e<\/p><\/div>\n    <\/div>\n    <\/section>\n\n\n\n<section style=\"\" class='relative z-20'>\n    <div style=\"\" class=\" wrap _with-paddings\">\n        <div class=\"text-content\" oat=\"fade-top\"><p><span style=\"color: #3a5d21;\"><b class=\"heading-3\">Qui traite vos donn\u00e9es personnelles ?<\/b><\/span><\/p>\n<ul>\n<li data-stringify-indent=\"0\" data-stringify-border=\"0\">Editeur du site : Val\u00e9rie Deltour<\/li>\n<li data-stringify-indent=\"0\" data-stringify-border=\"0\">Entreprise : LE DOMAINE DU BOIS AUX ELFES ASBL<\/li>\n<li data-stringify-indent=\"0\" data-stringify-border=\"0\">Mail \u00e9diteur :\u00a0<a class=\"c-link\" tabindex=\"-1\" href=\"mailto:info@duboisauxelfes.be\" target=\"_blank\" rel=\"noopener noreferrer\" data-stringify-link=\"mailto:info@duboisauxelfes.be\" data-sk=\"tooltip_parent\" aria-haspopup=\"menu\" aria-expanded=\"false\" data-remove-tab-index=\"true\">info@duboisauxelfes.be<\/a><\/li>\n<li data-stringify-indent=\"0\" data-stringify-border=\"0\">N\u00b0 entreprise : 0784.905.687<\/li>\n<\/ul>\n<p><span style=\"font-weight: 400;\">Si vous souhaitez modifier ou supprimer vos donn\u00e9es, ou simplement savoir quelles donn\u00e9es sont stock\u00e9es dans notre base de donn\u00e9es, vous pouvez envoyer un email \u00e0 l\u2019adresse mail de l\u2019\u00e9diteur.<\/span><\/p>\n<p>&nbsp;<\/p>\n<ol>\n<li><span style=\"color: #3a5d21;\"><b class=\"heading-3\"> <b>1. <\/b>Pourquoi cette charte vie priv\u00e9e ?<\/b><\/span><\/li>\n<\/ol>\n<p><span style=\"font-weight: 400;\">L&rsquo;\u00e9diteur accorde beaucoup d\u2019importance \u00e0 la protection de votre vie priv\u00e9e et de vos donn\u00e9es personnelles. Nous collectons et traitons vos donn\u00e9es personnelles conform\u00e9ment aux dispositions l\u00e9gales applicables en la mati\u00e8re, \u00e0 savoir la Loi du 8 d\u00e9cembre 1992 relative \u00e0 la protection de la vie priv\u00e9e \u00e0 l\u2019\u00e9gard des traitements de donn\u00e9es \u00e0 caract\u00e8re personnel (\u00ab Loi vie priv\u00e9e \u00bb) et le R\u00e8glement europ\u00e9en du 27 avril 2016 relatif \u00e0 la protection des personnes physiques \u00e0 l\u2019\u00e9gard du traitement des donn\u00e9es \u00e0 caract\u00e8re personnel et \u00e0 la libre circulation de ces donn\u00e9es (\u00ab R\u00e8glement \u00bb).<\/span><\/p>\n<p><span style=\"font-weight: 400;\">Nous souhaitons vous informer des \u00e9ventuelles op\u00e9rations de traitement de vos donn\u00e9es personnelles et de vos droits \u00e0 cet \u00e9gard. En utilisant notre site web, vous acceptez express\u00e9ment la collecte et le traitement de vos donn\u00e9es personnelles par l&rsquo;\u00e9diteur de la mani\u00e8re d\u00e9crite dans ce document.<\/span><\/p>\n<p><span style=\"font-weight: 400;\">Nous nous r\u00e9servons le droit d\u2019apporter \u00e0 tout moment des modifications \u00e0 notre Charte vie priv\u00e9e. Toute modification substantielle sera toujours communiqu\u00e9e clairement sur notre site web. Nous vous conseillons n\u00e9anmoins de consulter r\u00e9guli\u00e8rement ce document.<\/span><\/p>\n<p>&nbsp;<\/p>\n<ol start=\"2\">\n<li><span style=\"color: #3a5d21;\"><b class=\"heading-3\"> <b>2. <\/b>Quelles donn\u00e9es personnelles sont collect\u00e9es?<\/b><\/span><\/li>\n<\/ol>\n<p><span style=\"font-weight: 400;\">Le traitement de vos donn\u00e9es personnelles est limit\u00e9 au strict n\u00e9cessaire pour atteindre les finalit\u00e9s poursuivies par l&rsquo;\u00e9diteur.\u00a0 Ci-dessous, sont \u00e9num\u00e9r\u00e9es les cat\u00e9gories de donn\u00e9es concern\u00e9es par le traitement.<\/span><\/p>\n<ul>\n<li style=\"font-weight: 400;\" aria-level=\"1\"><span style=\"font-weight: 400;\">Donn\u00e9es d\u2019identification<\/span><\/li>\n<li style=\"font-weight: 400;\" aria-level=\"1\"><span style=\"font-weight: 400;\">Donn\u00e9es relatives \u00e0 la connexion (adresse IP, etc.)<\/span><\/li>\n<\/ul>\n<ol start=\"3\">\n<li><\/li>\n<li><span style=\"color: #3a5d21;\"><b class=\"heading-3\"><b>3. <\/b>Quelles sont les finalit\u00e9s poursuivies?<\/b><\/span><\/li>\n<\/ol>\n<p><span style=\"font-weight: 400;\">L&rsquo;\u00e9diteur recueille vos donn\u00e9es personnelles dans le seul objectif de vous fournir une exp\u00e9rience d\u2019utilisation optimale, personnalis\u00e9e et en toute s\u00e9curit\u00e9 du site. La collecte de vos donn\u00e9es personnelles peut s\u2019intensifier de par une utilisation plus intensive de notre site.<\/span><\/p>\n<p><span style=\"font-weight: 400;\">Le traitement de vos donn\u00e9es personnelles est donc essentiel au bon fonctionnement du site et \u00e0 la fourniture de nos services. L&rsquo;\u00e9diteur s\u2019engage \u00e0 traiter vos donn\u00e9es personnelles exclusivement aux fins suivantes :<\/span><\/p>\n<ul>\n<li style=\"font-weight: 400;\" aria-level=\"1\"><span style=\"font-weight: 400;\">Vous permettre d\u2019avoir acc\u00e8s \u00e0 votre \u00ab compte utilisateur \u00bb<\/span><\/li>\n<li style=\"font-weight: 400;\" aria-level=\"1\"><span style=\"font-weight: 400;\">Assurer le traitement des commandes et la livraison des produits<\/span><\/li>\n<li style=\"font-weight: 400;\" aria-level=\"1\"><span style=\"font-weight: 400;\">Assurer le service apr\u00e8s-vente<\/span><\/li>\n<li style=\"font-weight: 400;\" aria-level=\"1\"><span style=\"font-weight: 400;\">G\u00e9rer la relation contractuelle<\/span><\/li>\n<li style=\"font-weight: 400;\" aria-level=\"1\"><span style=\"font-weight: 400;\">Permettre la facturation et la gestion des comptes<\/span><\/li>\n<li style=\"font-weight: 400;\" aria-level=\"1\"><span style=\"font-weight: 400;\">Offrir \u00e0 l\u2019Utilisateur un service g\u00e9n\u00e9ral mais aussi personnalis\u00e9, incluant l\u2019envoi d\u2019information utile, de newsletters, la fourniture de soutien et le suivi des plaintes.<\/span><\/li>\n<li style=\"font-weight: 400;\" aria-level=\"1\"><span style=\"font-weight: 400;\">Am\u00e9liorer et personnaliser nos services et nos produits<\/span><\/li>\n<li style=\"font-weight: 400;\" aria-level=\"1\"><span style=\"font-weight: 400;\">D\u00e9tecter les fraudes, les erreurs et les comportements criminels.<\/span><\/li>\n<li style=\"font-weight: 400;\" aria-level=\"1\"><span style=\"font-weight: 400;\">Envoyer des offres promotionnelles si vous y avez express\u00e9ment consenti (marketing direct). Dans ce cas, vous restez libre de retirer votre consentement \u00e0 tout moment<\/span><\/li>\n<\/ul>\n<p><span style=\"font-weight: 400;\">En visitant notre site, certaines donn\u00e9es sont collect\u00e9es \u00e0 des fins statistiques. Ces donn\u00e9es nous permettent d\u2019optimiser votre exp\u00e9rience d\u2019utilisation. Il s\u2019agit de votre adresse IP, de la zone g\u00e9ographique de consultation, du jour et de l\u2019heure de consultation, et des pages consult\u00e9es. En visitant notre site, vous acceptez express\u00e9ment la collecte de ces donn\u00e9es \u00e0 des fins statistiques.<\/span><\/p>\n<p><span style=\"font-weight: 400;\">Vous exercez un contr\u00f4le sur les donn\u00e9es que vous nous communiquez. Lorsque des donn\u00e9es sont incompl\u00e8tes ou erron\u00e9es, l&rsquo;\u00e9diteur se r\u00e9serve le droit d\u2019interrompre ou de suspendre, de mani\u00e8re temporaire ou permanente, certaines op\u00e9rations.<\/span><\/p>\n<p><span style=\"font-weight: 400;\">Vos donn\u00e9es personnelles sont destin\u00e9es \u00e0 \u00eatre utilis\u00e9es exclusivement \u00e0 des fins internes. Vos donn\u00e9es personnelles ne seront donc pas vendues, donn\u00e9es ou transmises \u00e0 des tiers, sauf consentement pr\u00e9alable de votre part. l&rsquo;\u00e9diteur a pris toutes les mesures techniques et organisationnelles possibles pour \u00e9viter une violation des donn\u00e9es.<\/span><\/p>\n<p><span style=\"font-weight: 400;\">\u00a0<\/span><\/p>\n<ol start=\"4\">\n<li><span style=\"color: #3a5d21;\"><b class=\"heading-3\"> <b>4. <\/b>Nous utilisons aussi des cookies !<\/b><\/span><\/li>\n<\/ol>\n<p><span style=\"font-weight: 400;\">Lors de votre visite sur notre site, des cookies peuvent \u00eatre plac\u00e9s sur le disque dur de votre ordinateur. Nous utilisons des cookies pour offrir une exp\u00e9rience d\u2019utilisation optimale \u00e0 nos visiteurs r\u00e9guliers.<\/span><\/p>\n<p><span style=\"font-weight: 400;\">Pour plus d\u2019informations sur l\u2019utilisation que nous faisons des cookies, nous vous invitons \u00e0 consulter notre Politique des cookies.<\/span><\/p>\n<p><span style=\"font-weight: 400;\">Si vous visitez notre site, nous vous conseillons d\u2019activer vos cookies. Toutefois, vous restez libre de les d\u00e9sactiver via les param\u00e8tres de votre navigateur si vous souhaitez. Pour plus de d\u00e9tails, nous vous renvoyons vers notre Politique des cookies.<\/span><\/p>\n<p><span style=\"font-weight: 400;\">\u00a0<\/span><\/p>\n<ol start=\"5\">\n<li><span style=\"color: #3a5d21;\"><b class=\"heading-3\"> <b>5. <\/b>Quels sont mes droits ?<\/b><\/span><\/li>\n<\/ol>\n<p><b>5.1. Garantie d\u2019un traitement loyal et licite<\/b><\/p>\n<p><span style=\"font-weight: 400;\">Vos donn\u00e9es personnelles sont toujours trait\u00e9es conform\u00e9ment aux fins l\u00e9gitimes explicit\u00e9es au point 4. Elles sont collect\u00e9es et trait\u00e9es de mani\u00e8re ad\u00e9quate, pertinente et non-excessive, et ne sont pas conserv\u00e9es plus longtemps que n\u00e9cessaire pour atteindre les finalit\u00e9s poursuivies.<\/span><\/p>\n<p><span style=\"font-weight: 400;\">\u00a0<\/span><\/p>\n<p><span style=\"font-weight: 400;\">Toutes les mesures techniques et s\u00e9curitaires ont \u00e9t\u00e9 prises pour limiter au maximum les risques d\u2019acc\u00e8s ou de traitement ill\u00e9gal ou non-autoris\u00e9 de vos donn\u00e9es personnelles. En cas d\u2019intrusion dans ses syst\u00e8mes informatiques, l&rsquo;\u00e9diteur prendra imm\u00e9diatement toutes les mesures n\u00e9cessaires pour r\u00e9duire les dommages \u00e0 leur minimum.<\/span><\/p>\n<p><span style=\"font-weight: 400;\">\u00a0<\/span><\/p>\n<p><b>5.2. Droit d\u2019acc\u00e8s<\/b><\/p>\n<p><span style=\"font-weight: 400;\">Si vous \u00eates en mesure de prouver votre identit\u00e9, vous avez le droit d\u2019obtenir des informations sur le traitement de vos donn\u00e9es. Ainsi vous avez le droit de conna\u00eetre les finalit\u00e9s du traitement, les cat\u00e9gories de donn\u00e9es concern\u00e9es, les cat\u00e9gories de destinataires auxquels les donn\u00e9es sont transmises, les crit\u00e8res utilis\u00e9s pour d\u00e9terminer la dur\u00e9e de conservation des donn\u00e9es, et les droits que vous pouvez exercer sur vos donn\u00e9es.<\/span><\/p>\n<p><span style=\"font-weight: 400;\">\u00a0<\/span><\/p>\n<p><b>5.3. Droit de rectification<\/b><\/p>\n<p><span style=\"font-weight: 400;\">Les donn\u00e9es personnelles inexactes ou incompl\u00e8tes peuvent \u00eatre corrig\u00e9es. Il incombe en premier lieu \u00e0 l\u2019Utilisateur d\u2019effectuer lui-m\u00eame les changements n\u00e9cessaires dans son \u00ab compte utilisateur \u00bb mais vous pouvez \u00e9galement nous en faire la demande \u00e9crite.<\/span><\/p>\n<p><span style=\"font-weight: 400;\">\u00a0<\/span><\/p>\n<p><b>5.4. Droit \u00e0 l\u2019effacement (ou \u00ab droit \u00e0 l\u2019oubli \u00bb)<\/b><\/p>\n<p><span style=\"font-weight: 400;\">Vous avez en outre le droit d\u2019obtenir l\u2019effacement de vos donn\u00e9es personnelles dans les hypoth\u00e8ses suivantes :<\/span><\/p>\n<ul>\n<li style=\"font-weight: 400;\" aria-level=\"1\"><span style=\"font-weight: 400;\">Vos donn\u00e9es personnelles ne sont plus n\u00e9cessaires au regard des finalit\u00e9s ;<\/span><\/li>\n<li style=\"font-weight: 400;\" aria-level=\"1\"><span style=\"font-weight: 400;\">Vous retirez votre consentement au traitement et il n\u2019existe pas d\u2019autre fondement l\u00e9gal au traitement ;<\/span><\/li>\n<li style=\"font-weight: 400;\" aria-level=\"1\"><span style=\"font-weight: 400;\">Vous avez valablement exerc\u00e9 votre droit d\u2019opposition ;<\/span><\/li>\n<li style=\"font-weight: 400;\" aria-level=\"1\"><span style=\"font-weight: 400;\">Vos donn\u00e9es ont fait l\u2019objet d\u2019un traitement ill\u00e9gal ;<\/span><\/li>\n<li style=\"font-weight: 400;\" aria-level=\"1\"><span style=\"font-weight: 400;\">Vos donn\u00e9es doivent \u00eatre supprim\u00e9es pour respecter une obligation l\u00e9gale.<\/span><\/li>\n<\/ul>\n<p><span style=\"font-weight: 400;\">\u00a0<\/span><\/p>\n<p><span style=\"font-weight: 400;\">l&rsquo;\u00e9diteur d\u00e9cide de son propre chef de la pr\u00e9sence des crit\u00e8res repris ci-dessus.<\/span><\/p>\n<p><span style=\"font-weight: 400;\">\u00a0<\/span><\/p>\n<p><b>5.5. Droit \u00e0 la limitation du traitement<\/b><\/p>\n<p><span style=\"font-weight: 400;\">Dans certaines hypoth\u00e8ses, vous avez le droit de demander la limitation du traitement de vos donn\u00e9es personnelles, notamment en cas de contestation quant \u00e0 l\u2019exactitude des donn\u00e9es, si vos donn\u00e9es ont \u00e9t\u00e9 trait\u00e9es ill\u00e9galement, si les donn\u00e9es sont n\u00e9cessaires dans le cadre d\u2019une proc\u00e9dure judiciaire ou le temps n\u00e9cessaire \u00e0 l&rsquo;\u00e9diteur pour v\u00e9rifier que vous pouvez valablement exercer votre droit \u00e0 l\u2019effacement.<\/span><\/p>\n<p><span style=\"font-weight: 400;\">\u00a0<\/span><\/p>\n<p><b>5.6. Droit d\u2019opposition<\/b><\/p>\n<p><span style=\"font-weight: 400;\">Vous avez en outre le droit de vous opposer \u00e0 tout moment au traitement de vos donn\u00e9es personnelles. l&rsquo;\u00e9diteur cessera le traitement de vos donn\u00e9es personnelles, \u00e0 moins qu\u2019elle ne parvienne \u00e0 d\u00e9montrer qu\u2019il existe des motifs l\u00e9gitimes imp\u00e9rieux en faveur du traitement qui pr\u00e9valent sur votre droit d\u2019opposition.<\/span><\/p>\n<p><span style=\"font-weight: 400;\">\u00a0<\/span><\/p>\n<p><b>5.7. Droit \u00e0 la portabilit\u00e9 des donn\u00e9es<\/b><\/p>\n<p><span style=\"font-weight: 400;\">Vous avez le droit d\u2019obtenir toutes les donn\u00e9es personnelles que vous nous avez fournies dans un format structur\u00e9, couramment utilis\u00e9 et lisible par machine. A votre demande, ces donn\u00e9es peuvent \u00eatre transf\u00e9r\u00e9es \u00e0 un autre prestataire, \u00e0 moins que cela soit techniquement impossible.<\/span><\/p>\n<p><span style=\"font-weight: 400;\">\u00a0<\/span><\/p>\n<p><b>5.8. Droit du retrait de votre consentement<\/b><\/p>\n<p><span style=\"font-weight: 400;\">Vous pouvez retirer \u00e0 tout moment votre consentement au traitement de vos donn\u00e9es personnelles. Le retrait de votre consentement n\u2019entache pas la validit\u00e9 des op\u00e9rations de traitement ant\u00e9rieures au retrait.<\/span><\/p>\n<p><span style=\"font-weight: 400;\">\u00a0<\/span><\/p>\n<ol start=\"6\">\n<li><span style=\"color: #3a5d21;\"><b class=\"heading-3\"> <b>6. <\/b>Comment exercer mes droits ?<\/b><\/span><\/li>\n<\/ol>\n<p><span style=\"font-weight: 400;\">Pour exercer vos droits, vous devez nous envoyer une demande par mail.<\/span><\/p>\n<p><span style=\"font-weight: 400;\">Nous y r\u00e9pondrons dans les meilleurs d\u00e9lais, et au plus tard un (1) mois apr\u00e8s r\u00e9ception de la demande.<\/span><\/p>\n<p><span style=\"font-weight: 400;\">\u00a0<\/span><\/p>\n<ol start=\"7\">\n<li><span style=\"color: #3a5d21;\"><b class=\"heading-3\"><b>7. <\/b>Possibilit\u00e9 d\u2019introduire une plainte<\/b><\/span><\/li>\n<\/ol>\n<p><span style=\"font-weight: 400;\">Si vous n\u2019\u00eates pas satisfait du traitement de vos donn\u00e9es personnelles par l&rsquo;\u00e9diteur, vous avez le droit d\u2019introduire une plainte aupr\u00e8s de la Commission pour la Protection de la Vie Priv\u00e9e, qui devient l\u2019Autorit\u00e9 de Protection des Donn\u00e9es \u00e0 partir du 25 mai 2018 (<\/span><a href=\"https:\/\/www.privacycommission.be\/\"><span style=\"font-weight: 400;\">https:\/\/www.privacycommission.be\/<\/span><\/a><span style=\"font-weight: 400;\">).<\/span><\/p><\/div>\n    <\/div>\n    <\/section>\n\n","protected":false},"excerpt":{"rendered":"","protected":false},"author":2,"featured_media":0,"parent":0,"menu_order":0,"comment_status":"closed","ping_status":"closed","template":"","meta":[],"yoast_head":"<!-- This site is optimized with the Yoast SEO plugin v20.6 - https:\/\/yoast.com\/wordpress\/plugins\/seo\/ -->\n<title>Vie priv\u00e9e - \u00c9levage du Bois aux Elfes - formation<\/title>\n<meta name=\"robots\" content=\"index, follow, max-snippet:-1, max-image-preview:large, max-video-preview:-1\" \/>\n<link rel=\"canonical\" href=\"https:\/\/duboisauxelfes.be\/formation\/vie-privee\/\" \/>\n<meta property=\"og:locale\" content=\"fr_FR\" \/>\n<meta property=\"og:type\" content=\"article\" \/>\n<meta property=\"og:title\" content=\"Vie priv\u00e9e - \u00c9levage du Bois aux Elfes - formation\" \/>\n<meta property=\"og:url\" content=\"https:\/\/duboisauxelfes.be\/formation\/vie-privee\/\" \/>\n<meta property=\"og:site_name\" content=\"\u00c9levage du Bois aux Elfes - formation\" \/>\n<meta property=\"article:modified_time\" content=\"2022-12-16T14:35:38+00:00\" \/>\n<meta name=\"twitter:card\" content=\"summary_large_image\" \/>\n<script type=\"application\/ld+json\" class=\"yoast-schema-graph\">{\"@context\":\"https:\/\/schema.org\",\"@graph\":[{\"@type\":\"WebPage\",\"@id\":\"https:\/\/duboisauxelfes.be\/formation\/vie-privee\/\",\"url\":\"https:\/\/duboisauxelfes.be\/formation\/vie-privee\/\",\"name\":\"Vie priv\u00e9e - \u00c9levage du Bois aux Elfes - formation\",\"isPartOf\":{\"@id\":\"https:\/\/duboisauxelfes.be\/formation\/#website\"},\"datePublished\":\"2022-12-16T14:35:30+00:00\",\"dateModified\":\"2022-12-16T14:35:38+00:00\",\"breadcrumb\":{\"@id\":\"https:\/\/duboisauxelfes.be\/formation\/vie-privee\/#breadcrumb\"},\"inLanguage\":\"fr-FR\",\"potentialAction\":[{\"@type\":\"ReadAction\",\"target\":[\"https:\/\/duboisauxelfes.be\/formation\/vie-privee\/\"]}]},{\"@type\":\"BreadcrumbList\",\"@id\":\"https:\/\/duboisauxelfes.be\/formation\/vie-privee\/#breadcrumb\",\"itemListElement\":[{\"@type\":\"ListItem\",\"position\":1,\"name\":\"Home\",\"item\":\"https:\/\/duboisauxelfes.be\/formation\/\"},{\"@type\":\"ListItem\",\"position\":2,\"name\":\"Vie priv\u00e9e\"}]},{\"@type\":\"WebSite\",\"@id\":\"https:\/\/duboisauxelfes.be\/formation\/#website\",\"url\":\"https:\/\/duboisauxelfes.be\/formation\/\",\"name\":\"\u00c9levage du Bois aux Elfes - formation\",\"description\":\"\",\"potentialAction\":[{\"@type\":\"SearchAction\",\"target\":{\"@type\":\"EntryPoint\",\"urlTemplate\":\"https:\/\/duboisauxelfes.be\/formation\/?s={search_term_string}\"},\"query-input\":\"required name=search_term_string\"}],\"inLanguage\":\"fr-FR\"}]}<\/script>\n<!-- \/ Yoast SEO plugin. -->","yoast_head_json":{"title":"Vie priv\u00e9e - \u00c9levage du Bois aux Elfes - formation","robots":{"index":"index","follow":"follow","max-snippet":"max-snippet:-1","max-image-preview":"max-image-preview:large","max-video-preview":"max-video-preview:-1"},"canonical":"https:\/\/duboisauxelfes.be\/formation\/vie-privee\/","og_locale":"fr_FR","og_type":"article","og_title":"Vie priv\u00e9e - \u00c9levage du Bois aux Elfes - formation","og_url":"https:\/\/duboisauxelfes.be\/formation\/vie-privee\/","og_site_name":"\u00c9levage du Bois aux Elfes - formation","article_modified_time":"2022-12-16T14:35:38+00:00","twitter_card":"summary_large_image","schema":{"@context":"https:\/\/schema.org","@graph":[{"@type":"WebPage","@id":"https:\/\/duboisauxelfes.be\/formation\/vie-privee\/","url":"https:\/\/duboisauxelfes.be\/formation\/vie-privee\/","name":"Vie priv\u00e9e - \u00c9levage du Bois aux Elfes - formation","isPartOf":{"@id":"https:\/\/duboisauxelfes.be\/formation\/#website"},"datePublished":"2022-12-16T14:35:30+00:00","dateModified":"2022-12-16T14:35:38+00:00","breadcrumb":{"@id":"https:\/\/duboisauxelfes.be\/formation\/vie-privee\/#breadcrumb"},"inLanguage":"fr-FR","potentialAction":[{"@type":"ReadAction","target":["https:\/\/duboisauxelfes.be\/formation\/vie-privee\/"]}]},{"@type":"BreadcrumbList","@id":"https:\/\/duboisauxelfes.be\/formation\/vie-privee\/#breadcrumb","itemListElement":[{"@type":"ListItem","position":1,"name":"Home","item":"https:\/\/duboisauxelfes.be\/formation\/"},{"@type":"ListItem","position":2,"name":"Vie priv\u00e9e"}]},{"@type":"WebSite","@id":"https:\/\/duboisauxelfes.be\/formation\/#website","url":"https:\/\/duboisauxelfes.be\/formation\/","name":"\u00c9levage du Bois aux Elfes - formation","description":"","potentialAction":[{"@type":"SearchAction","target":{"@type":"EntryPoint","urlTemplate":"https:\/\/duboisauxelfes.be\/formation\/?s={search_term_string}"},"query-input":"required name=search_term_string"}],"inLanguage":"fr-FR"}]}},"_links":{"self":[{"href":"https:\/\/duboisauxelfes.be\/formation\/wp-json\/wp\/v2\/pages\/90"}],"collection":[{"href":"https:\/\/duboisauxelfes.be\/formation\/wp-json\/wp\/v2\/pages"}],"about":[{"href":"https:\/\/duboisauxelfes.be\/formation\/wp-json\/wp\/v2\/types\/page"}],"author":[{"embeddable":true,"href":"https:\/\/duboisauxelfes.be\/formation\/wp-json\/wp\/v2\/users\/2"}],"replies":[{"embeddable":true,"href":"https:\/\/duboisauxelfes.be\/formation\/wp-json\/wp\/v2\/comments?post=90"}],"version-history":[{"count":2,"href":"https:\/\/duboisauxelfes.be\/formation\/wp-json\/wp\/v2\/pages\/90\/revisions"}],"predecessor-version":[{"id":92,"href":"https:\/\/duboisauxelfes.be\/formation\/wp-json\/wp\/v2\/pages\/90\/revisions\/92"}],"wp:attachment":[{"href":"https:\/\/duboisauxelfes.be\/formation\/wp-json\/wp\/v2\/media?parent=90"}],"curies":[{"name":"wp","href":"https:\/\/api.w.org\/{rel}","templated":true}]}}